{"version":"1.0","provider_name":"Gr\u00e9ti n\u00e9ni","provider_url":"https:\/\/gretineni.cafeblog.hu","author_name":"Anna blogozin","author_url":"https:\/\/gretineni.cafeblog.hu\/author\/greti_neni\/","title":"B\u00facs\u00fa, eml\u00e9kekkel","html":"<p>Szomor\u00fa aprop\u00f3ja van most az eml\u00e9kez\u00e9snek, 2015. szeptember 8-\u00e1n este, \u00e9let\u00e9nek 72. \u00e9v\u00e9ben\u00a0 elhunyt <span id=\"_end\"><strong>Harangoz\u00f3 Teri<\/strong><\/span><span id=\"_end\"><strong><span id=\"_start\">\u00a0<\/span><\/strong><\/span><span id=\"_end\"><\/span> t\u00e1ncdal\u00e9nekesn\u0151.<\/p>\r\n<p><a href=\"https:\/\/gretineni.cafeblog.hu\/files\/2015\/09\/harangoz\u00f3-teri.jpg\"><img class=\"alignnone size-medium wp-image-31\" src=\"https:\/\/gretineni.cafeblog.hu\/files\/2015\/09\/harangoz\u00f3-teri-300x281.jpg\" alt=\"harangoz\u00f3 teri\" width=\"300\" height=\"281\" \/><\/a><\/p>\r\n<p>\u00d6tven \u00e9vvel ezel\u0151tt, az 1965-\u00f6s T\u00e1ncdalfesztiv\u00e1lon t\u00fcnt fel, ezzel a dal\u00e1val:<\/p>\r\n<p>[embed]https:\/\/www.youtube.com\/watch?v=yrj_FoSNEgE[\/embed]<\/p>\r\n<p>Nem volt k\u00f6nny\u0171 dolga, hiszen a T\u00e1ncdalfesztiv\u00e1lon olyan \"ellenfelei\" voltak, mint <em><strong>Koncz Zsuzsa, Kov\u00e1cs Kati, Zalatnay Sarolta<\/strong><\/em> - akiknek a h\u00edrnev\u00e9t ez a t\u00e9v\u00e9m\u0171sor alapozta meg. Nem k\u00fcl\u00f6nben a ma m\u00e1r legend\u00e1ss\u00e1 v\u00e1lt egy\u00fcttesek\u00e9t is, mint az Ill\u00e9s egy\u00fcttes amit Sz\u00f6r\u00e9nyi Levente neve f\u00e9mjelzett, valamint az Omega egy\u00fcttes K\u00f3bor J\u00e1nossal \u00e9s Benk\u0151 L\u00e1szl\u00f3val, valamint a Sztevanovity testv\u00e9rek \"band\u00e1ja\" a Metr\u00f3 egy\u00fcttes - b\u00e1r Zor\u00e1n akkor m\u00e1r sz\u00f3l\u00f3\u00e9nekesk\u00e9nt l\u00e9pett fel...<\/p>\r\n<p>Ugye micsoda n\u00e9vsor? Ilyen mez\u0151nyben kellett <em><strong>Harangoz\u00f3 Terinek<\/strong><\/em> elnyernie a k\u00f6z\u00f6ns\u00e9g szeret\u00e9t... Nem is kis k\u00f6z\u00f6ns\u00e9g\u00e9t, hiszen akkoriban a televizi\u00f3nak ezt a m\u0171sor\u00e1t t\u00f6bb milli\u00f3 ember n\u00e9zte az orsz\u00e1gban. Ki nem hagytak volna egyetlen ad\u00e1st sem a t\u00f6bbl\u00e9pcs\u0151s d\u00f6nt\u0151 sorozatb\u00f3l! Ennek az volt az oka, hogy mind\u00f6ssze egy t\u00e9v\u00e9ad\u00f3t n\u00e9zhett\u00fcnk (a 2-es csatorna is csak k\u00e9s\u0151bb kezdett sug\u00e1rozni)! Nem is volt mindenkinek t\u00e9v\u00e9je, akinek volt, az vend\u00e9g\u00fcl l\u00e1tta a csal\u00e1dot, bar\u00e1tokat. Komoly programnak sz\u00e1m\u00edtott egy-egy megh\u00edv\u00e1s a t\u00e1ncdalfesztiv\u00e1l idej\u00e9re a szomsz\u00e9d csal\u00e1dhoz! Akit nem h\u00edvtak meg az az utc\u00e1r\u00f3l b\u00e1mulhatott be az irigyelt t\u00e9v\u00e9 k\u00e9sz\u00fcl\u00e9k tulajdonosok lak\u00e1s\u00e1ba, s \u00fagy n\u00e9zhette a t\u00e9v\u00e9t! Mert a t\u00e1ncdalfesztiv\u00e1l idej\u00e9re senki nem rekesztett ki senkit! Az \u00e1ruh\u00e1zak, elektronikai boltok (akkor azt KERAVILL-nak h\u00edvt\u00e1k) kirakat\u00e1ban bekapcsolt\u00e1k az ott l\u00e9v\u0151 t\u00e9v\u00e9ket, hogy n\u00e9zhess\u00e9k az emberek! Az ad\u00e1s ideje alatt t\u00f6megek \u00e1lltak a kirakatok el\u0151tt, b\u00e1r hangot alig-alig lehetett hallani....<\/p>\r\n<p>Kinek-kinek megvolt a maga favoritja, kedvenc \u00e9nekese, kedvenc zenesz\u00e1ma. F\u0151 besz\u00e9d t\u00e9ma volt a munkahelyeken , az iskol\u00e1kban, a villamosokon, buszokon, utc\u00e1kon, tereken... Ilyen \u00e9rdekl\u0151d\u00e9s mellett bizony sz\u00ednvonalat is kellett produk\u00e1lni! Volt is, hiszen azok a sz\u00e1mok m\u00e9g ma is \u00e9lvezhet\u0151k, m\u00e9g a fiatalabb koroszt\u00e1lynak is. M\u00e9g az els\u0151 \u00e9s egyetlen <em><strong>t\u00fcntet\u00e9se<\/strong><\/em> is annak a korszaknak - ehhez a m\u0171sorhoz k\u00f6t\u0151dik. Elindult ugyanis a versenyben egy csepeli munk\u00e1sfi\u00fa, bizonyos <em><strong>Kov\u00e1cs J\u00f3zsi<\/strong><\/em>, a \"J\u00f6jj vissza hozz\u00e1m\" c\u00edm\u0171 dal\u00e1val. Igen \u00e1m, de a szigor\u00fa zs\u0171ri \u00fagy \u00edt\u00e9lte meg sem a fi\u00fa, sem a produkci\u00f3 nem \u00fcti meg az elv\u00e1rt sz\u00ednvonalat. Pedig nem volt rossz sz\u00e1m!<\/p>\r\n<p><em><strong> Hallga csak:<\/strong><\/em><\/p>\r\n<p>&nbsp;<\/p>\r\n<p>[embed]https:\/\/www.youtube.com\/watch?v=tKuKjRQMfkU[\/embed]<\/p>\r\n<p>Mivel a tov\u00e1bbjut\u00e1s kies\u00e9ses rendszerben m\u0171k\u00f6d\u00f6tt,<em><strong> Kov\u00e1cs<\/strong> <strong>J\u00f3zsinak<\/strong><\/em> v\u00e9gleg el kellett b\u00facs\u00faznia a versenyt\u0151l! A csepeli emberek munk\u00e1sok viszont nem \u00fagy gondolt\u00e1k mint a zs\u0171ri! Szerint\u00fck az \u0151 kov\u00e1csj\u00f3zsijuknak ott a helye a sz\u00ednpadon, ak\u00e1rki ak\u00e1rmit is mondjon! A csepeli lakoss\u00e1g, a Csepel Vas- \u00e9s F\u00e9mm\u0171vek minden dolgoz\u00f3ja kivonult az utc\u00e1ra, s\u00edppal, dobbal, n\u00e1diheged\u0171vel, z\u00e1szl\u00f3kkal \u00e9s transzparansekkel k\u00f6vetelt\u00e9k, hogy a J\u00f3zsi vissza ker\u00fclhessen a d\u00f6nt\u0151be! Nem volt ez kis dolog akkoriban sem, ha valaki mellett t\u00f6bb ezer ember \u00e1ll ki \u00fagy, hogy az utc\u00e1ra vonul miatta! K\u00fcl\u00f6n \u00f6sen, ha az a fi\u00fa egy k\u00e9tkezi munk\u00e1s, vaseszterg\u00e1lyos volt! K\u00e9s\u0151bb kider\u00fclt, hogy a kis <em><strong>Kov\u00e1cs J\u00f3zsi<\/strong><\/em> m\u00e9lt\u00f3 volt a bizalomra! Nemcsak az 1967-es T\u00e1ncdalfesztiv\u00e1l d\u00f6nt\u00f6j\u00e9t nyerte meg, hanem k\u00e9s\u0151bb vil\u00e1gh\u00edr\u0171 opera\u00e9nekes lett bel\u0151le, a feln\u0151tt <em><strong>Kov\u00e1cs J\u00f3zsef<\/strong><\/em> hal\u00e1l\u00e1ig a B\u00e9csi \u00c1llami Operah\u00e1z, a <em><strong>Staatsoper<\/strong> <\/em>szt\u00e1r \u00e9nekese volt!<\/p>\r\n<p>Sajnos, m\u00e1r \u0151 is az \u00e9gi t\u00e1rsulatban \u00e9nakal...<\/p>\r\n<p>Sok minden t\u00f6rt\u00e9nt m\u00e9g azalatt a p\u00e1r \u00e9v alatt a t\u00e1ncdalfesztiv\u00e1lokon \u00e9s k\u00f6rny\u00e9k\u00e9n, a dalokkal, az \u00e9nekesekkel - mert a legels\u0151 l965-\u00f6s fesztiv\u00e1lt m\u00e9g t\u00f6bb k\u00f6vette \u00e9veken \u00e1t, a nagy sikerre val\u00f3 tekintettel!<\/p>\r\n<p>Igazi nagy kiugr\u00e1si lehet\u0151s\u00e9g volt ez a m\u0171sor egy fiatal kezd\u0151 \u00e9nekes sz\u00e1m\u00e1ra, b\u00e1rhonnan is indult el! Mint p\u00e9ld\u00e1ul <em><strong>Harangoz\u00f3 Terike<\/strong><\/em>, aki egy kis falub\u00f3l B\u00e1ty\u00e1r\u00f3l r\u00f6ppent be a k\u00f6nny\u0171zene vil\u00e1g\u00e1ba. Egyik csillaga lett \u00e9s maradt eg\u00e9szen mostan\u00e1ig, hal\u00e1la napj\u00e1ig. <em><strong>Harangoz\u00f3<\/strong> <strong>Teri<\/strong><\/em> r\u00e9szletes \u00f6n\u00e9letrajza <em><strong><a href=\"https:\/\/hu.wikipedia.org\/wiki\/Harangoz%C3%B3_Teri\">ITT<\/a><\/strong><\/em> (katt) olvashat\u00f3.<\/p>\r\n<p>Sz\u00e1mtalan sl\u00e1ger f\u0171z\u0151d\u00f6tt a nev\u00e9hez, mint p\u00e9ld\u00e1ul ez is, ami f\u00e9nykora egyik legszebb dala volt:<\/p>\r\n<p>[embed]https:\/\/www.youtube.com\/watch?v=1FAPArSsGlU[\/embed]<\/p>\r\n<p>Mi fiatal l\u00e1nyok cs\u00fcngt\u00fcnk a m\u0171soron, a szerepl\u0151k\u00f6n! Nemcsak a dalokat \u00e9nekelgett\u00fck fahangon, hanem k\u00f6vett\u00fck az ott felt\u00fcn\u0151 \u00e9nekesek megjelen\u00e9s\u00e9t is! Az ifj\u00fa \u00e9nekesn\u0151k, \u00e9nekesek nemcsak sz\u00f3rakoztattak, ruha-, frizura- \u00e9s smink divatot is dikt\u00e1ltak nek\u00fcnk. Zalatnay Cininek a fesztiv\u00e1lon viselt ez\u00fcst ruh\u00e1j\u00e1t \u00e9s t\u00e9rdig \u00e9r\u0151 ez\u00fcst csizm\u00e1j\u00e1t ut\u00e1noztuk, b\u00e1r meg kell mondani nem volt k\u00f6nny\u0171! Akkoriban nem igen lehetett v\u00e1logatni az \u00fczletek k\u00edn\u00e1lat\u00e1ban, mert nem volt k\u00edn\u00e1lat. Az \u00e1ruh\u00e1zak konfekci\u00f3 ruh\u00e1kat \u00e1rultak, amik valami rejt\u00e9lyes m\u00f3don sehogy sem illeszkedtek a legt\u00f6k\u00e9letesebb alakra sem, itt b\u0151 vol, amott sz\u0171k... Arr\u00f3l meg m\u00e1r nem is besz\u00e9lve, hogy majd' a guta \u00fct\u00f6tte meg az emberl\u00e1ny\u00e1t, amikor a vadonat\u00faj ruh\u00e1j\u00e1nak t\u00f6k\u00e9letes m\u00e1s\u00e1t l\u00e1thatta egy r\u00f6vid s\u00e9t\u00e1n, \u00f6t m\u00e1sik l\u00e1nyon is! Varr\u00f3n\u0151t, cip\u00e9szt keresg\u00e9lt\u00fcnk, sp\u00f3roltunk \u00e9s pont olyan szab\u00e1s\u00fa ruh\u00e1t k\u00e9rt\u00fcnk, amilyen Zalatnaynak, Koncz Zsuzs\u00e1nak, Kov\u00e1cs Katinak, Harangoz\u00f3 Terik\u00e9nek volt! Be is indult a kisipar! A k\u00f6r\u00fati kapuljakban tal\u00e1lhat\u00f3 maszek boltokban vett\u00fcnk csizm\u00e1t, cip\u0151t... A fodr\u00e1sszal Cinisre, Katisra, Terik\u00e9sre v\u00e1gatta a haj\u00e1t - ki-ki \u00edzl\u00e9se szerint! S\u0151t!!!! Terik\u00e9nek, az egyik fell\u00e9p\u00e9s\u00e9n\u00e9l t\u00f6bb margar\u00e9t\u00e1t t\u0171ztek a haj\u00e1ba! J\u00f3l n\u00e9zett ki, de az iskol\u00e1ban nem nagyon d\u00edjazt\u00e1k a tan\u00e1rok, mikor egy-egy l\u00e1ny margar\u00e9ta csokorral a fej\u00e9n jelent meg, k\u00e9k iskolak\u00f6penyben! Azt meg m\u00e9g ink\u00e1bb nem, ha tussal olyanra h\u00faztuk ki a szem\u00fcnket mint az \u00f6v\u00e9k volt, s f\u00e9lresikeredett t\u00e1ncdal\u00e9nekesn\u0151k\u00e9nt pislogtunk ki a padb\u00f3l! De mi v\u00e1llaltuk a megpr\u00f3b\u00e1ltat\u00e1sokat!<\/p>\r\n<p>Mert nemcsak szerett\u00fck, rajongtunk is \u00e9rt\u00fck!<\/p>\r\n<p>R\u00e9szei lettek az \u00e9let\u00fcnknek, s imm\u00e1r most m\u00e1r f\u00e9l\u00e9vsz\u00e1zada azok is maradtak! Az\u00e9rt olyan nagyon neh\u00e9z a b\u00facs\u00fa, most egyik r\u00e9gi kedvenc\u00fcnkt\u0151l, <em><strong>Harangoz\u00f3 Terit\u0151l,<\/strong><\/em> aki \u00e9ppen most ment el - \u00f6r\u00f6kre...<\/p>\r\n<p>Nekem k\u00fcl\u00f6n is f\u00e1j a b\u00facs\u00fa, mert egy nagyon fontosa dolgot \u00e9ppen t\u0151le tanultam: nem a k\u00fclcsin a fontos, hanem az, hogy saj\u00e1t mag\u00e1t tudja hordani, viselni az emberl\u00e1nya, b\u00e1josan, eleg\u00e1nsan. Mint ahogy \u0151 tette ezt, sz\u00e9p volt akkor is, amikor m\u00e1r nem volt fiatal, nem volt l\u00e9giesen karcs\u00fa... \u00e9s j\u00e9\u00e9\u00e9\u00e9\u00e9! A k\u00f6z\u00f6ns\u00e9ge akkor is, \u00fagy is szerette, s ha felhangzik a legismertebb sl\u00e1gere, sokaknak bep\u00e1r\u00e1sodik majd a szeme!<\/p>\r\n<p><em><strong>\u00c9g veled, Terike!<\/strong><\/em><\/p>\r\n<p>[embed]https:\/\/www.youtube.com\/watch?v=H7idms7bDL0[\/embed]<\/p>","type":"rich","thumbnail_url":"https:\/\/gretineni.cafeblog.hu\/files\/2015\/09\/harangoz\u00f3-teri-150x150.jpg","thumbnail_width":150,"thumbnail_height":150}