{"version":"1.0","provider_name":"Gr\u00e9ti n\u00e9ni","provider_url":"https:\/\/gretineni.cafeblog.hu","author_name":"Anna blogozin","author_url":"https:\/\/gretineni.cafeblog.hu\/author\/greti_neni\/","title":"Hell\u00f3 Vil\u00e1g!","html":"<p>\u00dcdv\u00f6zlet a(z) <a href=\"http:\/\/cafeblog.hu\/\">Cafeblog<\/a> honlapon. Ez az els\u0151 bejegyz\u00e9s, amelyet a Cafeblog el\u0151k\u00e9sz\u00edtett a honlap tulajdonos\u00e1nak. T\u00f6r\u00f6lhet\u0151, tetsz\u0151legesen szerkeszthet\u0151, \u00e9s m\u00e1r kezd\u0151dhet is a honlap tartalommal t\u00f6rt\u00e9n\u0151 felt\u00f6lt\u00e9s\u00e9nek sz\u00e9p \u00e9s f\u00e1raszt\u00f3 folyamata!<br \/>Sok sikert!<\/p>\r\n<p>\u00a0\u00a0\u00a0\u00a0\u00a0\u00a0\u00a0\u00a0\u00a0\u00a0\u00a0\u00a0\u00a0\u00a0\u00a0\u00a0\u00a0\u00a0\u00a0\u00a0\u00a0\u00a0\u00a0\u00a0\u00a0\u00a0\u00a0\u00a0\u00a0\u00a0\u00a0\u00a0\u00a0\u00a0\u00a0 *****<\/p>\r\n<p>Mifel\u00e9nk az a mond\u00e1s j\u00e1rta hajdan\u00e1n, (emlegette is gyakran Nagyap\u00e1m, ha vend\u00e9g \u00e9rkezett) \"amilyen az \"Adjon Isten! olyan a Fogadj Isten!\"<\/p>\r\n<p>Nos, \u00e9n most nagyon nagy aj\u00e1nd\u00e9kot kaptam a Cafeblog szerkeszt\u0151it\u0151l, munkat\u00e1rsait\u00f3l: a megel\u0151legezett bizalom kedvess\u00e9g\u00e9t! Teritett \"asztallal\" v\u00e1rtak: k\u00e9sz blog fel\u00fclettel, b\u0151s\u00e9ges v\u00e1laszt\u00e9kkal a blog diz\u00e1jnok k\u00edn\u00e1lat\u00e1b\u00f3l...<\/p>\r\n<p>K\u00f6sz\u00f6n\u00f6m, k\u00f6sz\u00f6n\u00f6m \u00e9s m\u00e9g egyszer k\u00f6sz\u00f6n\u00f6m! Igyekszem megh\u00e1l\u00e1lni a bizalmat \u00e9rdekes \u00edr\u00e1sokkal, gondolatokkal!<\/p>\r\n<p>Ez vagyok \u00e9n - a val\u00f3s\u00e1gban:<\/p>\r\n<p><a href=\"https:\/\/gretineni.cafeblog.hu\/files\/2015\/09\/\u00e9n511.jpg\"><img class=\"alignnone size-medium wp-image-3\" src=\"https:\/\/gretineni.cafeblog.hu\/files\/2015\/09\/\u00e9n511-300x300.jpg\" alt=\"\u00e9n511\" width=\"300\" height=\"300\" \/><\/a><\/p>\r\n<p>Mit is mondjak m\u00e9g? Meg\u00e9ltem m\u00e1r 63 tavaszt \u00e9s nyarat - a hatvanharmadik \u0151sz \u00e9s t\u00e9l m\u00e9g csak most k\u00f6vetkezik - boldog vagyok, hogy azt m\u00e1r k\u00f6ztetek, veletek t\u00f6lthetem!<\/p>\r\n<p>Mes\u00e9lek majd a csal\u00e1domr\u00f3l, az \u00f6reged\u00e9sr\u0151l, a fiatalokr\u00f3l, a boldogs\u00e1gr\u00f3l, szerelemr\u0151l, v\u00e1l\u00e1sr\u00f3l, gyerekekr\u0151l, sz\u00fcl\u0151kr\u0151l, nagysz\u00fcl\u0151kr\u0151l, filmekr\u0151l, k\u00f6nyvekr\u0151l, receptekr\u0151l, eml\u00e9kekr\u0151l - egysz\u00f3val az \u00e9let sz\u00e9ps\u00e9geir\u0151l \u00e9s neh\u00e9zs\u00e9geir\u0151l, mindennapjainkr\u00f3l, amik t\u00f6rt\u00e9n\u00e9sei valahol a v\u00e9gtelenben, ha csak gondolatban is - \u00f6ssze\u00e9rnek...<\/p>\r\n<p><em><strong>\u00dcdv\u00f6zlet \u00e9s \u00f6lel\u00e9s a Cafeblog\u00a0 olvas\u00f3inak, munkat\u00e1rsainak valamennyi bloggernek \u00e9s bloggerin\u00e1nak! :) (ez itt a boldog mosoly helye!)<\/strong><\/em><\/p>\r\n<p>&nbsp;<\/p>\r\n<p>&nbsp;<\/p>","type":"rich","thumbnail_url":"https:\/\/gretineni.cafeblog.hu\/files\/2015\/09\/cropped-\u00e9n5112-150x150.jpg","thumbnail_width":150,"thumbnail_height":150}